{"id":38,"date":"2018-03-29T18:49:32","date_gmt":"2018-03-29T18:49:32","guid":{"rendered":"http:\/\/plapp.edu.uy\/?page_id=38"},"modified":"2022-05-27T13:12:10","modified_gmt":"2022-05-27T13:12:10","slug":"inicio","status":"publish","type":"page","link":"https:\/\/plapp.edu.uy\/","title":{"rendered":"Inicio"},"content":{"rendered":"<p>[et_pb_section fb_built=&#8221;1&#8243; fullwidth=&#8221;on&#8221; _builder_version=&#8221;4.16&#8243; global_colors_info=&#8221;{}&#8221;][et_pb_fullwidth_code _builder_version=&#8221;4.16&#8243; global_colors_info=&#8221;{}&#8221;]<iframe loading=\"lazy\" id=\"Plapp1\" src=\"http:\/\/plapp.edu.uy\/plapp\/1\/1.html\" width=\"100%\" height=\"550\" frameborder=\"0\" scrolling=\"no\" allowfullscreen=\"allowfullscreen\"><\/iframe>[\/et_pb_fullwidth_code][\/et_pb_section][et_pb_section fb_built=&#8221;1&#8243; _builder_version=&#8221;4.16&#8243; global_colors_info=&#8221;{}&#8221;][et_pb_row column_structure=&#8221;1_4,1_4,1_4,1_4&#8243; _builder_version=&#8221;4.16&#8243; global_colors_info=&#8221;{}&#8221;][et_pb_column type=&#8221;1_4&#8243; _builder_version=&#8221;4.16&#8243; custom_padding=&#8221;|||&#8221; global_colors_info=&#8221;{}&#8221; custom_padding__hover=&#8221;|||&#8221;][et_pb_text _builder_version=&#8221;4.16&#8243; global_colors_info=&#8221;{}&#8221;]<strong>CR\u00c9DITOS:<\/strong><\/p>\n<p>La investigaci\u00f3n que da origen a los resultados presentados recibi\u00f3 fondos de la Agencia Nacional de Investigaci\u00f3n e Innovaci\u00f3n (ANII) y de la Fundaci\u00f3n Centro Ceibal para el Estudio de las Tecnolog\u00edas Digitales en la Educaci\u00f3n bajo el c\u00f3digo FSED_2_2016_1_130781.<\/p>\n<div dir=\"auto\">\n<div dir=\"auto\"><\/div>\n<\/div>\n<p>[\/et_pb_text][\/et_pb_column][et_pb_column type=&#8221;1_4&#8243; _builder_version=&#8221;4.16&#8243; custom_padding=&#8221;|||&#8221; global_colors_info=&#8221;{}&#8221; custom_padding__hover=&#8221;|||&#8221;][et_pb_text _builder_version=&#8221;4.16&#8243; global_colors_info=&#8221;{}&#8221;]<\/p>\n<div dir=\"auto\"><strong>Responsable Acad\u00e9mica:<\/strong><\/div>\n<div dir=\"auto\">Ana Laura Go\u00f1i<\/div>\n<div dir=\"auto\"><\/div>\n<div dir=\"auto\"><strong>Investigadores:<\/strong><\/div>\n<div dir=\"auto\">Ana Laura Go\u00f1i<\/div>\n<div dir=\"auto\">Marcelo Payss\u00e9<\/div>\n<div dir=\"auto\">Norma Piazza<\/div>\n<div dir=\"auto\">Hugo Inda<\/div>\n<p>[\/et_pb_text][\/et_pb_column][et_pb_column type=&#8221;1_4&#8243; _builder_version=&#8221;4.16&#8243; custom_padding=&#8221;|||&#8221; global_colors_info=&#8221;{}&#8221; custom_padding__hover=&#8221;|||&#8221;][et_pb_text _builder_version=&#8221;4.16&#8243; global_colors_info=&#8221;{}&#8221;]<\/p>\n<div dir=\"auto\"><strong>Colaboradores:<\/strong><\/div>\n<div dir=\"auto\">Luc\u00eda Meirelles<\/div>\n<div dir=\"auto\">Luis Flores<\/div>\n<div dir=\"auto\">Fernando Garc\u00eda Amen<\/div>\n<div dir=\"auto\">William P\u00e9rez<\/div>\n<div dir=\"auto\">Victoria L\u00f3pez Ligerini<\/div>\n<div dir=\"auto\"><strong>Consultor:<\/strong><\/div>\n<div dir=\"auto\">Pablo Ross<\/div>\n<div dir=\"auto\"><strong>Becaria:<\/strong><\/div>\n<div dir=\"auto\">Victoria S\u00e1nchez<\/div>\n<p>[\/et_pb_text][\/et_pb_column][et_pb_column type=&#8221;1_4&#8243; _builder_version=&#8221;4.16&#8243; custom_padding=&#8221;|||&#8221; global_colors_info=&#8221;{}&#8221; custom_padding__hover=&#8221;|||&#8221;][\/et_pb_column][\/et_pb_row][et_pb_row column_structure=&#8221;1_4,1_4,1_4,1_4&#8243; _builder_version=&#8221;4.16&#8243; global_colors_info=&#8221;{}&#8221;][et_pb_column type=&#8221;1_4&#8243; _builder_version=&#8221;4.16&#8243; custom_padding=&#8221;|||&#8221; global_colors_info=&#8221;{}&#8221; custom_padding__hover=&#8221;|||&#8221;][et_pb_text _builder_version=&#8221;4.16&#8243; global_colors_info=&#8221;{}&#8221;]<strong>Listado ni\u00f1os y maestras participantes Escuela 88 Faro Jos\u00e9 Ignacio<\/strong><\/p>\n<p>&nbsp;<\/p>\n<p>Directora: Maestra Silvia Rivas<\/p>\n<p>Clase 4\u00aa a 6\u00aa: Maestra Nilvia Ferrizzo<br \/>\n[\/et_pb_text][\/et_pb_column][et_pb_column type=&#8221;1_4&#8243; _builder_version=&#8221;4.16&#8243; custom_padding=&#8221;|||&#8221; global_colors_info=&#8221;{}&#8221; custom_padding__hover=&#8221;|||&#8221;][et_pb_text _builder_version=&#8221;4.16&#8243; global_colors_info=&#8221;{}&#8221;]Ni\u00f1os:<\/p>\n<p>Juan Bautista Gaida<br \/>\nRonand Romillo<br \/>\nThiago Gonz\u00e1lez<br \/>\nYamila M\u00e1rquez<br \/>\nRomina Vila<br \/>\nFlorencia Romero<br \/>\nCandelaria da Costa<br \/>\n[\/et_pb_text][\/et_pb_column][et_pb_column type=&#8221;1_4&#8243; _builder_version=&#8221;4.16&#8243; custom_padding=&#8221;|||&#8221; global_colors_info=&#8221;{}&#8221; custom_padding__hover=&#8221;|||&#8221;][et_pb_text _builder_version=&#8221;4.16&#8243; global_colors_info=&#8221;{}&#8221;]Ezequiel Sosa<br \/>\nLautaro P\u00e9rez<br \/>\nLautaro Silva<br \/>\nMateo Monta\u00f1ez<br \/>\nMarcos Curbelo<br \/>\nNatalia Navas<br \/>\nCatherine Navas<br \/>\n[\/et_pb_text][\/et_pb_column][et_pb_column type=&#8221;1_4&#8243; _builder_version=&#8221;4.16&#8243; custom_padding=&#8221;|||&#8221; global_colors_info=&#8221;{}&#8221; custom_padding__hover=&#8221;|||&#8221;][et_pb_text _builder_version=&#8221;4.16&#8243; global_colors_info=&#8221;{}&#8221;]Yamila Dalessio<br \/>\nAvril Rodr\u00edguez<br \/>\nMartina San Mart\u00edn<br \/>\nNatalia Fontes<br \/>\nAlexander P\u00e9rez<br \/>\nCandela Silva<br \/>\nCati B\u00e1ez<br \/>\n[\/et_pb_text][\/et_pb_column][\/et_pb_row][\/et_pb_section][et_pb_section fb_built=&#8221;1&#8243; _builder_version=&#8221;4.16&#8243; background_image=&#8221;http:\/\/plapp.edu.uy\/wp-content\/uploads\/2022\/03\/Plapp.jpg&#8221; background_position=&#8221;bottom_center&#8221; global_colors_info=&#8221;{}&#8221;][et_pb_row _builder_version=&#8221;4.16&#8243; global_colors_info=&#8221;{}&#8221;][et_pb_column type=&#8221;4_4&#8243; _builder_version=&#8221;4.16&#8243; custom_padding=&#8221;|||&#8221; global_colors_info=&#8221;{}&#8221; custom_padding__hover=&#8221;|||&#8221;][et_pb_text _builder_version=&#8221;4.16&#8243; text_font=&#8221;||||||||&#8221; background_layout=&#8221;dark&#8221; global_colors_info=&#8221;{}&#8221;]<strong>RESUMEN:<br \/>\n<\/strong><\/p>\n<p>La investigaci\u00f3n <strong>ANII FSED 2_2016_1_130781<\/strong> <strong>\u201cEl paisaje como mediador de nuevas pedagog\u00edas y tecnolog\u00edas\u201d<\/strong>, se enmarc\u00f3 en procesos de ense\u00f1anza-aprendizaje en etapa escolar, considerando al paisaje como espacio estimulador del aprendizaje y veh\u00edculo para la aplicaci\u00f3n de nuevas herramientas pedag\u00f3gicas.<\/p>\n<p>Se trabaj\u00f3 con educandos y educadores de la Escuela Rural N\u00ba88 de Jos\u00e9 Ignacio, para indagar y profundizar en la percepci\u00f3n del paisaje local. Se plante\u00f3 un acercamiento al \u00e1rea a trav\u00e9s de herramientas tecnol\u00f3gicas de sensoramiento-visualizaci\u00f3n remotas para establecer par\u00e1metros del paisaje tales como v\u00ednculos entre escala y detalle, recorridos cotidianos, percepci\u00f3n de ecosistemas locales. Se evalu\u00f3 la incidencia de la incorporaci\u00f3n de estas nuevas herramientas mediante el an\u00e1lisis de dibujos y relatos realizados por los ni\u00f1os y la comparaci\u00f3n de cartograf\u00edas de paisaje previas y posteriores a su utilizaci\u00f3n. Los resultados se volcaron en formato comunicacional y de contenidos adecuado a la poblaci\u00f3n escolar.<\/p>\n<p>La selecci\u00f3n de este centro educativo como piloto, responde a la diversidad paisaj\u00edstica del \u00e1rea, lo que le confiere un alto potencial para el desarrollo de conciencia sobre su valoraci\u00f3n, gesti\u00f3n y protecci\u00f3n, en el marco de un proceso de apropiaci\u00f3n del entorno por parte de sus pobladores desde etapas tempranas del aprendizaje.<\/p>\n<p>Se elabor\u00f3 una plataforma digital en forma participativa con educandos y educadores como producto final, titulada Plataforma Paisajes Pedag\u00f3gicos, disponible en http:\/\/www.plapp.edu.uy. La misma presenta siete puntos de observaci\u00f3n, con capacidad de visi\u00f3n 360 y con puntos sensibles que despliegan informaci\u00f3n adicional (fichas de aves, fichas de vegetales, cambios temporales en la morfolog\u00eda costera, etc.). Las visuales que pueden ocupar toda la pantalla, tienen ayudas para la navegaci\u00f3n y posibilidades de orbitar, cambiar de ubicaci\u00f3n, agrandar, capturar la imagen, a trav\u00e9s de men\u00fas auxiliares. Por el dise\u00f1o metodol\u00f3gico, este proceso-producto es replicable y, como tal, se pretende que la experiencia se extienda a futuro con nuevos proyectos en otras escuelas del pa\u00eds.<br \/>\n[\/et_pb_text][\/et_pb_column][\/et_pb_row][\/et_pb_section][et_pb_section fb_built=&#8221;1&#8243; _builder_version=&#8221;4.16&#8243; custom_padding=&#8221;54px|0px|0|0px&#8221; global_colors_info=&#8221;{}&#8221;][et_pb_row column_structure=&#8221;1_3,1_3,1_3&#8243; use_custom_gutter=&#8221;on&#8221; gutter_width=&#8221;2&#8243; _builder_version=&#8221;4.17.4&#8243; global_colors_info=&#8221;{}&#8221;][et_pb_column type=&#8221;1_3&#8243; _builder_version=&#8221;4.16&#8243; custom_padding=&#8221;|||&#8221; global_colors_info=&#8221;{}&#8221; custom_padding__hover=&#8221;|||&#8221;][et_pb_text _builder_version=&#8221;4.16&#8243; global_colors_info=&#8221;{}&#8221;]<\/p>\n<p><strong>Actividades:<\/strong><\/p>\n<ul>\n<li><a href=\"http:\/\/plapp.edu.uy\/wp-content\/uploads\/2022\/03\/Actividad-4.1_1.pdf\">Actividad 4.1<\/a><\/li>\n<li><a href=\"http:\/\/plapp.edu.uy\/wp-content\/uploads\/2022\/03\/Actividad-4_2.pdf\">Actividad 4.2<\/a><\/li>\n<li><a href=\"http:\/\/plapp.edu.uy\/wp-content\/uploads\/2022\/03\/Actividad-4_3.pdf\">Actividad 4.3<\/a><\/li>\n<li><a href=\"http:\/\/plapp.edu.uy\/wp-content\/uploads\/2022\/03\/Actividad-6.1_1.pdf\">Actividad 6.1<\/a><\/li>\n<li><a href=\"http:\/\/plapp.edu.uy\/wp-content\/uploads\/2022\/03\/Actividad-6_2.pdf\">Actividad 6.2<\/a><\/li>\n<li><a href=\"http:\/\/plapp.edu.uy\/wp-content\/uploads\/2022\/03\/Actividad-6_3.pdf\">Actividad 6.3<\/a><\/li>\n<li><a href=\"http:\/\/plapp.edu.uy\/wp-content\/uploads\/2022\/03\/Actividad-8_1.pdf\">Actividad 8.1<\/a><\/li>\n<li><a href=\"http:\/\/plapp.edu.uy\/wp-content\/uploads\/2022\/03\/Actividad-9_1.pdf\">Actividad 9.1<\/a><\/li>\n<li><a href=\"http:\/\/plapp.edu.uy\/wp-content\/uploads\/2022\/03\/Actividad-11.1_1.pdf\">Actividad 11.1<\/a><\/li>\n<li><a href=\"http:\/\/plapp.edu.uy\/wp-content\/uploads\/2022\/03\/Actividad-11_2.pdf\">Actividad 11.2<\/a><\/li>\n<li><a href=\"wp-content\/uploads\/2018\/04\/Actividad-11_3.pdf\" data-wplink-edit=\"true\">Actividad 11.3<\/a><\/li>\n<\/ul>\n<p>&nbsp;<\/p>\n<p>[\/et_pb_text][\/et_pb_column][et_pb_column type=&#8221;1_3&#8243; _builder_version=&#8221;4.16&#8243; custom_padding=&#8221;|||&#8221; global_colors_info=&#8221;{}&#8221; custom_padding__hover=&#8221;|||&#8221;][et_pb_text _builder_version=&#8221;4.16&#8243; global_colors_info=&#8221;{}&#8221;]<\/p>\n<p><strong>Fichas:<\/strong><\/p>\n<ul>\n<li><a href=\"http:\/\/plapp.edu.uy\/wp-content\/uploads\/2022\/03\/FICHAS-AVES.pdf\" target=\"_blank\" rel=\"noopener noreferrer\">Fichas de Aves<\/a><\/li>\n<li><a href=\"http:\/\/plapp.edu.uy\/wp-content\/uploads\/2022\/03\/FICHAS-VEGETALES.pdf\" target=\"_blank\" rel=\"noopener noreferrer\">Fichas de Vegetaci\u00f3n<\/a><\/li>\n<\/ul>\n<p>[\/et_pb_text][et_pb_text _builder_version=&#8221;4.16&#8243; global_colors_info=&#8221;{}&#8221;]<\/p>\n<p><strong>Notas en prensa:<\/strong><\/p>\n<ul>\n<li><a href=\"https:\/\/vimeo.com\/377130304\" target=\"_blank\" rel=\"noopener noreferrer\">Cambiando el Aire, Canal 5<\/a><\/li>\n<\/ul>\n<p>[\/et_pb_text][et_pb_video src=&#8221;https:\/\/vimeo.com\/377130304&#8243; _builder_version=&#8221;4.16&#8243; global_colors_info=&#8221;{}&#8221;][\/et_pb_video][\/et_pb_column][et_pb_column type=&#8221;1_3&#8243; _builder_version=&#8221;4.16&#8243; custom_padding=&#8221;|||&#8221; global_colors_info=&#8221;{}&#8221; custom_padding__hover=&#8221;|||&#8221;][et_pb_text _builder_version=&#8221;4.16&#8243; global_colors_info=&#8221;{}&#8221;]<\/p>\n<p><strong>Art\u00edculos publicados:<\/strong><\/p>\n<ul>\n<li><a href=\"http:\/\/plapp.edu.uy\/wp-content\/uploads\/2022\/03\/El_paisaje_como_mediador_de_nuevas_pedag1.pdf\" target=\"_blank\" rel=\"noopener noreferrer\">Revista Designia<\/a><\/li>\n<li><a href=\"http:\/\/plapp.edu.uy\/wp-content\/uploads\/2022\/03\/Distincion-mejor-comunicacion-del-conocimiento.pdf\" target=\"_blank\" rel=\"noopener\">III EEIP Arte y Ciencia del Paisaje: Encuentro de Ense\u00f1anza e Investigaci\u00f3n del Paisaje<\/a><\/li>\n<\/ul>\n<p>[\/et_pb_text][et_pb_text _builder_version=&#8221;4.16&#8243; global_colors_info=&#8221;{}&#8221;]<\/p>\n<p><strong>Congresos:<\/strong><\/p>\n<ul>\n<li><a title=\"Universitat Polit\u00e9cnica de Catalunya.  2 al 4 de Octubre de 2019, Barcelona. \" href=\"http:\/\/plapp.edu.uy\/wp-content\/uploads\/2022\/03\/CTV_PLAPP-2019.pdf\" target=\"_blank\" rel=\"noopener noreferrer\">Congreso Internacional Ciudad y Territorio Virtual (CTV)<\/a><\/li>\n<li><a href=\"https:\/\/www.youtube.com\/watch?v=F6k06jESCaY&amp;t=1s\" target=\"_blank\" rel=\"noopener\">III EEIP Arte y Ciencia del Paisaje: Encuentro de Ense\u00f1anza e Investigaci\u00f3n del Paisaje<\/a><\/li>\n<\/ul>\n<p>[\/et_pb_text][\/et_pb_column][\/et_pb_row][et_pb_row column_structure=&#8221;1_3,1_3,1_3&#8243; use_custom_gutter=&#8221;on&#8221; gutter_width=&#8221;2&#8243; _builder_version=&#8221;4.17.4&#8243; _module_preset=&#8221;default&#8221; custom_padding=&#8221;||10px|||&#8221; global_colors_info=&#8221;{}&#8221;][et_pb_column type=&#8221;1_3&#8243; _builder_version=&#8221;4.17.4&#8243; _module_preset=&#8221;default&#8221; global_colors_info=&#8221;{}&#8221;][et_pb_text _builder_version=&#8221;4.17.4&#8243; hover_enabled=&#8221;0&#8243; global_colors_info=&#8221;{}&#8221; sticky_enabled=&#8221;0&#8243;]<\/p>\n<p><strong>Conferencias:<\/strong><\/p>\n<p>[\/et_pb_text][\/et_pb_column][et_pb_column type=&#8221;1_3&#8243; _builder_version=&#8221;4.17.4&#8243; _module_preset=&#8221;default&#8221; global_colors_info=&#8221;{}&#8221;][\/et_pb_column][et_pb_column type=&#8221;1_3&#8243; _builder_version=&#8221;4.17.4&#8243; _module_preset=&#8221;default&#8221; global_colors_info=&#8221;{}&#8221;][\/et_pb_column][\/et_pb_row][et_pb_row column_structure=&#8221;1_4,1_4,1_4,1_4&#8243; use_custom_gutter=&#8221;on&#8221; gutter_width=&#8221;2&#8243; _builder_version=&#8221;4.17.4&#8243; _module_preset=&#8221;default&#8221; custom_padding=&#8221;8px|||||&#8221; global_colors_info=&#8221;{}&#8221;][et_pb_column type=&#8221;1_4&#8243; _builder_version=&#8221;4.17.4&#8243; _module_preset=&#8221;default&#8221; global_colors_info=&#8221;{}&#8221;][et_pb_image src=&#8221;http:\/\/plapp.edu.uy\/wp-content\/uploads\/2022\/05\/Poster-PLAPP-Costa-Rica-5-5-22.jpg&#8221; title_text=&#8221;Poster PLAPP Costa Rica 5-5-22&#8243; url=&#8221;https:\/\/www.youtube.com\/watch?v=JBJZbyauAGE&#8221; url_new_window=&#8221;on&#8221; _builder_version=&#8221;4.17.4&#8243; _module_preset=&#8221;default&#8221; custom_margin=&#8221;||5px|||&#8221; global_colors_info=&#8221;{}&#8221;][\/et_pb_image][et_pb_text _builder_version=&#8221;4.17.4&#8243; _module_preset=&#8221;default&#8221; global_colors_info=&#8221;{}&#8221;]<\/p>\n<p>Universidad de Costa Rica, 5 de mayo de 2022<\/p>\n<p>[\/et_pb_text][\/et_pb_column][et_pb_column type=&#8221;1_4&#8243; _builder_version=&#8221;4.17.4&#8243; _module_preset=&#8221;default&#8221; global_colors_info=&#8221;{}&#8221;][et_pb_image src=&#8221;http:\/\/plapp.edu.uy\/wp-content\/uploads\/2022\/05\/IMG-20220514-WA0003.jpg&#8221; title_text=&#8221;IMG-20220514-WA0003&#8243; _builder_version=&#8221;4.17.4&#8243; _module_preset=&#8221;default&#8221; global_colors_info=&#8221;{}&#8221;][\/et_pb_image][\/et_pb_column][et_pb_column type=&#8221;1_4&#8243; _builder_version=&#8221;4.17.4&#8243; _module_preset=&#8221;default&#8221; global_colors_info=&#8221;{}&#8221;][et_pb_image src=&#8221;http:\/\/plapp.edu.uy\/wp-content\/uploads\/2022\/05\/IMG-20220514-WA0005.jpg&#8221; title_text=&#8221;IMG-20220514-WA0005&#8243; _builder_version=&#8221;4.17.4&#8243; _module_preset=&#8221;default&#8221; global_colors_info=&#8221;{}&#8221;][\/et_pb_image][\/et_pb_column][et_pb_column type=&#8221;1_4&#8243; _builder_version=&#8221;4.17.4&#8243; _module_preset=&#8221;default&#8221; global_colors_info=&#8221;{}&#8221;][et_pb_image src=&#8221;http:\/\/plapp.edu.uy\/wp-content\/uploads\/2022\/05\/Participantes-redpal.jpg&#8221; title_text=&#8221;Participantes redpal&#8221; _builder_version=&#8221;4.17.4&#8243; _module_preset=&#8221;default&#8221; global_colors_info=&#8221;{}&#8221;][\/et_pb_image][\/et_pb_column][\/et_pb_row][\/et_pb_section][et_pb_section fb_built=&#8221;1&#8243; _builder_version=&#8221;4.16&#8243; custom_padding=&#8221;0|0px|0|0px&#8221; global_colors_info=&#8221;{}&#8221;][\/et_pb_section][et_pb_section fb_built=&#8221;1&#8243; _builder_version=&#8221;4.16&#8243; custom_padding=&#8221;0|0px|0|0px&#8221; global_colors_info=&#8221;{}&#8221;][et_pb_row _builder_version=&#8221;4.16&#8243; global_colors_info=&#8221;{}&#8221;][et_pb_column type=&#8221;4_4&#8243; _builder_version=&#8221;4.16&#8243; custom_padding=&#8221;|||&#8221; global_colors_info=&#8221;{}&#8221; custom_padding__hover=&#8221;|||&#8221;][et_pb_image src=&#8221;http:\/\/plapp.edu.uy\/wp-content\/uploads\/2022\/03\/LOGOS.png&#8221; align_tablet=&#8221;center&#8221; align_phone=&#8221;&#8221; align_last_edited=&#8221;on|desktop&#8221; _builder_version=&#8221;4.16&#8243; animation=&#8221;off&#8221; global_colors_info=&#8221;{}&#8221;][\/et_pb_image][\/et_pb_column][\/et_pb_row][\/et_pb_section]<\/p>\n","protected":false},"excerpt":{"rendered":"<p>CR\u00c9DITOS: La investigaci\u00f3n que da origen a los resultados presentados recibi\u00f3 fondos de la Agencia Nacional de Investigaci\u00f3n e Innovaci\u00f3n (ANII) y de la Fundaci\u00f3n Centro Ceibal para el Estudio de las Tecnolog\u00edas Digitales en la Educaci\u00f3n bajo el c\u00f3digo FSED_2_2016_1_130781. Responsable Acad\u00e9mica: Ana Laura Go\u00f1i Investigadores: Ana Laura Go\u00f1i Marcelo Payss\u00e9 Norma Piazza Hugo [&hellip;]<\/p>\n","protected":false},"author":1,"featured_media":0,"parent":0,"menu_order":0,"comment_status":"closed","ping_status":"closed","template":"","meta":{"_et_pb_use_builder":"on","_et_pb_old_content":"","_et_gb_content_width":"","footnotes":""},"class_list":["post-38","page","type-page","status-publish","hentry"],"_links":{"self":[{"href":"https:\/\/plapp.edu.uy\/index.php?rest_route=\/wp\/v2\/pages\/38","targetHints":{"allow":["GET"]}}],"collection":[{"href":"https:\/\/plapp.edu.uy\/index.php?rest_route=\/wp\/v2\/pages"}],"about":[{"href":"https:\/\/plapp.edu.uy\/index.php?rest_route=\/wp\/v2\/types\/page"}],"author":[{"embeddable":true,"href":"https:\/\/plapp.edu.uy\/index.php?rest_route=\/wp\/v2\/users\/1"}],"replies":[{"embeddable":true,"href":"https:\/\/plapp.edu.uy\/index.php?rest_route=%2Fwp%2Fv2%2Fcomments&post=38"}],"version-history":[{"count":10,"href":"https:\/\/plapp.edu.uy\/index.php?rest_route=\/wp\/v2\/pages\/38\/revisions"}],"predecessor-version":[{"id":147,"href":"https:\/\/plapp.edu.uy\/index.php?rest_route=\/wp\/v2\/pages\/38\/revisions\/147"}],"wp:attachment":[{"href":"https:\/\/plapp.edu.uy\/index.php?rest_route=%2Fwp%2Fv2%2Fmedia&parent=38"}],"curies":[{"name":"wp","href":"https:\/\/api.w.org\/{rel}","templated":true}]}}